{"id":221815,"date":"2018-08-08T16:24:44","date_gmt":"2018-08-08T14:24:44","guid":{"rendered":"https:\/\/spartasportcenter.com\/lleida\/pilates-lleida\/"},"modified":"2024-06-03T13:29:14","modified_gmt":"2024-06-03T11:29:14","slug":"pilates-lleida","status":"publish","type":"page","link":"https:\/\/spartasportcenter.com\/lleida\/ca\/pilates-lleida\/","title":{"rendered":"Pilates a Lleida"},"content":{"rendered":"<p>[et_pb_section fb_built=&#8221;1&#8243; custom_padding_last_edited=&#8221;on|phone&#8221; disabled_on=&#8221;off|off|off&#8221; _builder_version=&#8221;4.16&#8243; background_color=&#8221;#262626&#8243; background_enable_image=&#8221;off&#8221; custom_margin=&#8221;||||false|false&#8221; custom_padding=&#8221;80px|0px|0px|0px|false|false&#8221; custom_padding_tablet=&#8221;&#8221; custom_padding_phone=&#8221;30px||50px||false|false&#8221; global_colors_info=&#8221;{}&#8221;][et_pb_row column_structure=&#8221;1_3,2_3&#8243; custom_padding_last_edited=&#8221;on|desktop&#8221; _builder_version=&#8221;4.16&#8243; _module_preset=&#8221;default&#8221; custom_padding=&#8221;0px||||false|false&#8221; custom_padding_tablet=&#8221;&#8221; custom_padding_phone=&#8221;0px||||false|false&#8221; global_colors_info=&#8221;{}&#8221;][et_pb_column type=&#8221;1_3&#8243; _builder_version=&#8221;4.16&#8243; _module_preset=&#8221;default&#8221; global_colors_info=&#8221;{}&#8221;][et_pb_text _builder_version=&#8221;4.21.0&#8243; text_font=&#8221;||||||||&#8221; header_font=&#8221;||||||||&#8221; header_text_align=&#8221;center&#8221; header_2_font=&#8221;|300||on|||||&#8221; header_2_text_align=&#8221;right&#8221; header_2_font_size=&#8221;29px&#8221; custom_margin=&#8221;||0px||false|false&#8221; custom_padding=&#8221;|15%|0px||false|false&#8221; header_2_text_align_tablet=&#8221;&#8221; header_2_text_align_phone=&#8221;left&#8221; header_2_text_align_last_edited=&#8221;on|phone&#8221; header_2_font_size_tablet=&#8221;51px&#8221; header_2_font_size_phone=&#8221;25px&#8221; header_2_font_size_last_edited=&#8221;on|phone&#8221; border_width_right=&#8221;2px&#8221; border_color_right=&#8221;#cccccc&#8221; border_width_right_tablet=&#8221;&#8221; border_width_right_phone=&#8221;0px&#8221; border_width_right_last_edited=&#8221;on|phone&#8221; locked=&#8221;off&#8221; global_colors_info=&#8221;{}&#8221;]<\/p>\n<h2>Classes de pilates a Lleida<\/h2>\n<p>[\/et_pb_text][\/et_pb_column][et_pb_column type=&#8221;2_3&#8243; _builder_version=&#8221;4.16&#8243; _module_preset=&#8221;default&#8221; global_colors_info=&#8221;{}&#8221;][et_pb_text _builder_version=&#8221;4.21.0&#8243; text_font=&#8221;|300|||||||&#8221; text_text_color=&#8221;#cccccc&#8221; text_line_height=&#8221;1.1em&#8221; header_font=&#8221;|300|||||||&#8221; header_2_font=&#8221;|300||on|||||&#8221; header_2_text_color=&#8221;#cccccc&#8221; header_2_font_size=&#8221;36px&#8221; header_2_letter_spacing=&#8221;2px&#8221; background_layout=&#8221;dark&#8221; global_colors_info=&#8221;{}&#8221;]<\/p>\n<p><span style=\"font-weight: 400;\">Les nostres classes de<\/span> <b>Pilates a Lleida<\/b><span style=\"font-weight: 400;\">  s\u00f3n una experi\u00e8ncia \u00fanica que combina moviments fluids, controlats i conscients amb t\u00e8cniques de respiraci\u00f3 adequades. L&#8217;enfocament principal de les nostres classes \u00e9s enfortir el centre del cos, tamb\u00e9 conegut com a core, que inclou els m\u00fasculs abdominals, lumbars, glutis i p\u00e8lvics.<\/span><\/p>\n<p>[\/et_pb_text][et_pb_button button_text=&#8221;+&#8221; button_alignment=&#8221;center&#8221; module_class=&#8221;rv_button closed&#8221; _builder_version=&#8221;4.16&#8243; custom_button=&#8221;on&#8221; button_text_size=&#8221;39px&#8221; button_text_color=&#8221;#cccccc&#8221; button_border_width=&#8221;0px&#8221; button_border_radius=&#8221;0px&#8221; button_font=&#8221;Oswald|700|||||||&#8221; button_use_icon=&#8221;off&#8221; custom_margin=&#8221;-40px|0px|-10px|0px|false|false&#8221; custom_margin_tablet=&#8221;&#8221; custom_margin_phone=&#8221;&#8221; custom_margin_last_edited=&#8221;on|phone&#8221; custom_padding=&#8221;0px|0px|0px|0px|true|&#8221; button_text_color_hover=&#8221;rgba(224,43,32,0.76)&#8221; button_border_color_hover=&#8221;rgba(0,0,0,0)&#8221; button_border_radius_hover=&#8221;0px&#8221; button_bg_color_hover=&#8221;rgba(0,0,0,0)&#8221; global_colors_info=&#8221;{}&#8221; button_text_size__hover_enabled=&#8221;off&#8221; button_one_text_size__hover_enabled=&#8221;off&#8221; button_two_text_size__hover_enabled=&#8221;off&#8221; button_text_color__hover_enabled=&#8221;on|desktop&#8221; button_text_color__hover=&#8221;rgba(255,255,255,0.5)&#8221; button_one_text_color__hover_enabled=&#8221;off&#8221; button_two_text_color__hover_enabled=&#8221;off&#8221; button_border_width__hover_enabled=&#8221;off&#8221; button_one_border_width__hover_enabled=&#8221;off&#8221; button_two_border_width__hover_enabled=&#8221;off&#8221; button_border_color__hover_enabled=&#8221;on&#8221; button_border_color__hover=&#8221;rgba(0,0,0,0)&#8221; button_one_border_color__hover_enabled=&#8221;off&#8221; button_two_border_color__hover_enabled=&#8221;off&#8221; button_border_radius__hover_enabled=&#8221;on&#8221; button_border_radius__hover=&#8221;0px&#8221; button_one_border_radius__hover_enabled=&#8221;off&#8221; button_two_border_radius__hover_enabled=&#8221;off&#8221; button_letter_spacing__hover_enabled=&#8221;off&#8221; button_one_letter_spacing__hover_enabled=&#8221;off&#8221; button_two_letter_spacing__hover_enabled=&#8221;off&#8221; button_bg_color__hover_enabled=&#8221;on&#8221; button_bg_color__hover=&#8221;rgba(255,255,255,0)&#8221; button_one_bg_color__hover_enabled=&#8221;off&#8221; button_two_bg_color__hover_enabled=&#8221;off&#8221;][\/et_pb_button][et_pb_text module_id=&#8221;reveal&#8221; _builder_version=&#8221;4.21.0&#8243; text_font=&#8221;|300|||||||&#8221; text_text_color=&#8221;#cccccc&#8221; text_line_height=&#8221;1.1em&#8221; header_font=&#8221;|300|||||||&#8221; header_2_font=&#8221;|300||on|||||&#8221; header_2_text_color=&#8221;#cccccc&#8221; header_2_font_size=&#8221;36px&#8221; header_2_letter_spacing=&#8221;2px&#8221; background_layout=&#8221;dark&#8221; global_colors_info=&#8221;{}&#8221;]<\/p>\n<p><span style=\"font-weight: 400;\">Durant les classes, els nostres professors de pilates us guiaran a trav\u00e9s d&#8217;una s\u00e8rie d&#8217;exercicis que es realitzen tant a terra com en<\/span> <b>equips especialitzats,<\/b><span style=\"font-weight: 400;\">  com a reformers, cadillac i cadires de Pilates. Aquests equips proporcionen resist\u00e8ncia variable per desafiar els teus m\u00fasculs de manera efectiva.<\/span><\/p>\n<p><span style=\"font-weight: 400;\">La pr\u00e0ctica del Pilates es basa en els principis fonamentals, com ara la concentraci\u00f3, el control, la precisi\u00f3, la flu\u00efdesa i la respiraci\u00f3. A trav\u00e9s de  <\/span><b>moviments controlats i conscients,<\/b> <span style=\"font-weight: 400;\">es busca desenvolupar una consci\u00e8ncia corporal m\u00e9s gran, millorar l&#8217;alineaci\u00f3 postural i enfortir els m\u00fasculs de manera equilibrada.<\/span><\/p>\n<p><span style=\"font-weight: 400;\">El nostre objectiu a les classes de Pilates a Lleida \u00e9s oferir-te una experi\u00e8ncia enriquidora que et permeti connectar ment i cos, millorar la teva postura,<\/span> <b>augmentar la teva for\u00e7a i flexibilitat<\/b> <span style=\"font-weight: 400;\">i promoure un estat general de benestar.<\/span><\/p>\n<p>[\/et_pb_text][\/et_pb_column][\/et_pb_row][et_pb_row column_structure=&#8221;1_3,2_3&#8243; custom_padding_last_edited=&#8221;on|phone&#8221; _builder_version=&#8221;4.16&#8243; _module_preset=&#8221;default&#8221; custom_margin=&#8221;||0px||false|false&#8221; custom_padding=&#8221;||||false|false&#8221; custom_padding_tablet=&#8221;&#8221; custom_padding_phone=&#8221;0px||0px||false|false&#8221; global_colors_info=&#8221;{}&#8221;][et_pb_column type=&#8221;1_3&#8243; _builder_version=&#8221;4.16&#8243; _module_preset=&#8221;default&#8221; global_colors_info=&#8221;{}&#8221;][et_pb_text _builder_version=&#8221;4.21.0&#8243; text_font=&#8221;||||||||&#8221; header_font=&#8221;||||||||&#8221; header_text_align=&#8221;center&#8221; header_2_font=&#8221;|300||on|||||&#8221; header_2_text_align=&#8221;right&#8221; header_2_font_size=&#8221;29px&#8221; custom_margin=&#8221;||0px||false|false&#8221; custom_padding=&#8221;|15%|0px||false|false&#8221; header_2_text_align_tablet=&#8221;&#8221; header_2_text_align_phone=&#8221;left&#8221; header_2_text_align_last_edited=&#8221;on|phone&#8221; header_2_font_size_tablet=&#8221;51px&#8221; header_2_font_size_phone=&#8221;25px&#8221; header_2_font_size_last_edited=&#8221;on|phone&#8221; border_width_right=&#8221;2px&#8221; border_color_right=&#8221;#cccccc&#8221; border_width_right_tablet=&#8221;&#8221; border_width_right_phone=&#8221;0px&#8221; border_width_right_last_edited=&#8221;on|phone&#8221; locked=&#8221;off&#8221; global_colors_info=&#8221;{}&#8221;]<\/p>\n<h2>Beneficis del pilates a Lleida<\/h2>\n<p>[\/et_pb_text][\/et_pb_column][et_pb_column type=&#8221;2_3&#8243; _builder_version=&#8221;4.16&#8243; _module_preset=&#8221;default&#8221; global_colors_info=&#8221;{}&#8221;][et_pb_text _builder_version=&#8221;4.21.0&#8243; text_font=&#8221;|300|||||||&#8221; text_text_color=&#8221;#cccccc&#8221; text_line_height=&#8221;1.1em&#8221; header_font=&#8221;|300|||||||&#8221; header_2_font=&#8221;|300||on|||||&#8221; header_2_text_color=&#8221;#cccccc&#8221; header_2_font_size=&#8221;36px&#8221; header_2_letter_spacing=&#8221;2px&#8221; background_layout=&#8221;dark&#8221; global_colors_info=&#8221;{}&#8221;]<\/p>\n<p><span style=\"font-weight: 400;\">Un dels avantatges m\u00e9s destacats de practicar Pilates \u00e9s el<\/span> <b>desenvolupament muscular equilibrat<\/b> <span style=\"font-weight: 400;\">que s&#8217;aconsegueix. A trav\u00e9s de moviments controlats i precisos, enfortir\u00e0s el teu core i altres grups musculars importants. Aix\u00f2 us ajudar\u00e0 a millorar la vostra postura, alinear el vostre cos correctament i mantenir una base s\u00f2lida per realitzar qualsevol activitat f\u00edsica.<\/span><\/p>\n<p><span style=\"font-weight: 400;\">El Pilates tamb\u00e9 \u00e9s molt efectiu per<\/span> <b>millorar la flexibilitat.<\/b> <span style=\"font-weight: 400;\">Els nostres professionals us guiaran a trav\u00e9s d&#8217;una varietat de moviments i estiraments que us ajudaran a augmentar el vostre rang de moviment i millorar la vostra mobilitat articular.<\/span><\/p>\n<p>[\/et_pb_text][et_pb_button button_text=&#8221;+&#8221; button_alignment=&#8221;center&#8221; module_class=&#8221;rv_button2 closed&#8221; _builder_version=&#8221;4.16&#8243; custom_button=&#8221;on&#8221; button_text_size=&#8221;39px&#8221; button_text_color=&#8221;#cccccc&#8221; button_border_width=&#8221;0px&#8221; button_border_radius=&#8221;0px&#8221; button_font=&#8221;Oswald|700|||||||&#8221; button_use_icon=&#8221;off&#8221; custom_margin=&#8221;-40px|0px|-10px|0px|false|false&#8221; custom_margin_tablet=&#8221;&#8221; custom_margin_phone=&#8221;&#8221; custom_margin_last_edited=&#8221;on|phone&#8221; custom_padding=&#8221;0px|0px|0px|0px|true|&#8221; button_text_color_hover=&#8221;rgba(224,43,32,0.76)&#8221; button_border_color_hover=&#8221;rgba(0,0,0,0)&#8221; button_border_radius_hover=&#8221;0px&#8221; button_bg_color_hover=&#8221;rgba(0,0,0,0)&#8221; global_colors_info=&#8221;{}&#8221; button_text_size__hover_enabled=&#8221;off&#8221; button_one_text_size__hover_enabled=&#8221;off&#8221; button_two_text_size__hover_enabled=&#8221;off&#8221; button_text_color__hover_enabled=&#8221;on|desktop&#8221; button_text_color__hover=&#8221;rgba(255,255,255,0.5)&#8221; button_one_text_color__hover_enabled=&#8221;off&#8221; button_two_text_color__hover_enabled=&#8221;off&#8221; button_border_width__hover_enabled=&#8221;off&#8221; button_one_border_width__hover_enabled=&#8221;off&#8221; button_two_border_width__hover_enabled=&#8221;off&#8221; button_border_color__hover_enabled=&#8221;on&#8221; button_border_color__hover=&#8221;rgba(0,0,0,0)&#8221; button_one_border_color__hover_enabled=&#8221;off&#8221; button_two_border_color__hover_enabled=&#8221;off&#8221; button_border_radius__hover_enabled=&#8221;on&#8221; button_border_radius__hover=&#8221;0px&#8221; button_one_border_radius__hover_enabled=&#8221;off&#8221; button_two_border_radius__hover_enabled=&#8221;off&#8221; button_letter_spacing__hover_enabled=&#8221;off&#8221; button_one_letter_spacing__hover_enabled=&#8221;off&#8221; button_two_letter_spacing__hover_enabled=&#8221;off&#8221; button_bg_color__hover_enabled=&#8221;on&#8221; button_bg_color__hover=&#8221;rgba(255,255,255,0)&#8221; button_one_bg_color__hover_enabled=&#8221;off&#8221; button_two_bg_color__hover_enabled=&#8221;off&#8221;][\/et_pb_button][et_pb_text module_id=&#8221;reveal2&#8243; _builder_version=&#8221;4.21.0&#8243; text_font=&#8221;|300|||||||&#8221; text_text_color=&#8221;#cccccc&#8221; text_line_height=&#8221;1.1em&#8221; header_font=&#8221;|300|||||||&#8221; header_2_font=&#8221;|300||on|||||&#8221; header_2_text_color=&#8221;#cccccc&#8221; header_2_font_size=&#8221;36px&#8221; header_2_letter_spacing=&#8221;2px&#8221; background_layout=&#8221;dark&#8221; global_colors_info=&#8221;{}&#8221;]<\/p>\n<p><span style=\"font-weight: 400;\">A m\u00e9s, el Pilates et donar\u00e0<\/span> <b>m\u00e9s resist\u00e8ncia i for\u00e7a<\/b><span style=\"font-weight: 400;\">. Durant les classes treballar\u00e0s en la resist\u00e8ncia muscular i la capacitat de mantenir el control durant els exercicis. Amb el temps, podr\u00e0s veure com el teu cos \u00e9s m\u00e9s resistent, cosa que t&#8217;ajudar\u00e0 a realitzar les teves activitats di\u00e0ries amb m\u00e9s energia.<\/span><\/p>\n<p><span style=\"font-weight: 400;\">L&#8217;<\/span> <b>aspecte mental i emocional<\/b> <span style=\"font-weight: 400;\">tamb\u00e9 es beneficia del Pilates. L&#8217;atenci\u00f3 plena i les t\u00e8cniques de respiraci\u00f3 que s&#8217;incorporen a cada classe us ajudaran a reduir l&#8217;estr\u00e8s, calmar la ment i trobar un equilibri intern. El Pilates es converteix en un temps dedicat a tu mateix, on pots desconnectar i connectar amb el teu cos i la teva ment.<\/span><\/p>\n<p><span style=\"font-weight: 400;\">A m\u00e9s dels beneficis f\u00edsics i mentals, el Pilates tamb\u00e9 pot<\/span> <b>millorar la teva postura,<\/b> <span style=\"font-weight: 400;\">alleujar el dolor i prevenir lesions a llarg termini. A mesura que enforteixis els m\u00fasculs estabilitzadors i millores l&#8217;alineaci\u00f3 del teu cos, experimentar\u00e0s m\u00e9s comoditat i una reducci\u00f3 en les mol\u00e8sties f\u00edsiques.<\/span><\/p>\n<p>[\/et_pb_text][\/et_pb_column][\/et_pb_row][\/et_pb_section][et_pb_section fb_built=&#8221;1&#8243; custom_padding_last_edited=&#8221;on|phone&#8221; _builder_version=&#8221;4.16&#8243; _module_preset=&#8221;default&#8221; background_color=&#8221;#262626&#8243; custom_padding=&#8221;0px||50px||false|false&#8221; custom_padding_tablet=&#8221;&#8221; custom_padding_phone=&#8221;||30px||false|false&#8221; global_colors_info=&#8221;{}&#8221;][et_pb_row column_structure=&#8221;1_3,2_3&#8243; custom_padding_last_edited=&#8221;on|phone&#8221; _builder_version=&#8221;4.16&#8243; _module_preset=&#8221;default&#8221; custom_padding_tablet=&#8221;&#8221; custom_padding_phone=&#8221;0px||0px||false|false&#8221; global_colors_info=&#8221;{}&#8221;][et_pb_column type=&#8221;1_3&#8243; _builder_version=&#8221;4.16&#8243; _module_preset=&#8221;default&#8221; global_colors_info=&#8221;{}&#8221;][et_pb_text _builder_version=&#8221;4.21.0&#8243; text_font=&#8221;||||||||&#8221; header_font=&#8221;||||||||&#8221; header_text_align=&#8221;center&#8221; header_2_font=&#8221;|300||on|||||&#8221; header_2_text_align=&#8221;right&#8221; header_2_font_size=&#8221;29px&#8221; custom_margin=&#8221;||0px||false|false&#8221; custom_padding=&#8221;|15%|0px||false|false&#8221; header_2_text_align_tablet=&#8221;&#8221; header_2_text_align_phone=&#8221;left&#8221; header_2_text_align_last_edited=&#8221;on|phone&#8221; header_2_font_size_tablet=&#8221;51px&#8221; header_2_font_size_phone=&#8221;25px&#8221; header_2_font_size_last_edited=&#8221;on|phone&#8221; border_width_right=&#8221;2px&#8221; border_color_right=&#8221;#cccccc&#8221; border_width_right_tablet=&#8221;&#8221; border_width_right_phone=&#8221;0px&#8221; border_width_right_last_edited=&#8221;on|phone&#8221; locked=&#8221;off&#8221; global_colors_info=&#8221;{}&#8221;]<\/p>\n<h2>Per qu\u00e8 pilates a Sparta Sport Center Lleida<\/h2>\n<p>[\/et_pb_text][\/et_pb_column][et_pb_column type=&#8221;2_3&#8243; _builder_version=&#8221;4.16&#8243; _module_preset=&#8221;default&#8221; global_colors_info=&#8221;{}&#8221;][et_pb_text _builder_version=&#8221;4.21.0&#8243; text_font=&#8221;|300|||||||&#8221; text_text_color=&#8221;#cccccc&#8221; text_line_height=&#8221;1.1em&#8221; header_font=&#8221;|300|||||||&#8221; header_2_font=&#8221;|300||on|||||&#8221; header_2_text_color=&#8221;#cccccc&#8221; header_2_font_size=&#8221;36px&#8221; header_2_letter_spacing=&#8221;2px&#8221; background_layout=&#8221;dark&#8221; global_colors_info=&#8221;{}&#8221;]<\/p>\n<p><span style=\"font-weight: 400;\">A Sparta Sport Center Lleida, practicar Pilates us permet viure una experi\u00e8ncia de qualitat amb<\/span> <b>instructors professionals i atenci\u00f3 personalitzada.<\/b> <span style=\"font-weight: 400;\">Les nostres instal\u00b7lacions estan dissenyades espec\u00edficament per al Pilates, creant un ambient acollidor i motivador.<\/span> <\/p>\n<p><span style=\"font-weight: 400;\">A m\u00e9s d&#8217;enfocar-nos en el teu aspecte f\u00edsic, tamb\u00e9 ens preocupem pel teu<\/span> <b>benestar mental i emocional,<\/b><span style=\"font-weight: 400;\">  incorporant t\u00e8cniques de respiraci\u00f3 i enfocament mental. Obtindr\u00e0s resultats visibles en for\u00e7a, flexibilitat, posici\u00f3 i resist\u00e8ncia f\u00edsica.  <\/span><\/p>\n<p>[\/et_pb_text][\/et_pb_column][\/et_pb_row][\/et_pb_section]<\/p>\n","protected":false},"excerpt":{"rendered":"<p>Classes de pilates a LleidaLes nostres classes de Pilates a Lleida s\u00f3n una experi\u00e8ncia \u00fanica que combina moviments fluids, controlats i conscients amb t\u00e8cniques de respiraci\u00f3 adequades. L&#8217;enfocament principal de les nostres classes \u00e9s enfortir el centre del cos, tamb\u00e9 conegut com a core, que inclou els m\u00fasculs abdominals, lumbars, glutis i p\u00e8lvics.Durant les classes, [&hellip;]<\/p>\n","protected":false},"author":1,"featured_media":221946,"parent":0,"menu_order":0,"comment_status":"closed","ping_status":"closed","template":"","meta":{"_et_pb_use_builder":"on","_et_pb_old_content":"","_et_gb_content_width":"","footnotes":""},"class_list":["post-221815","page","type-page","status-publish","has-post-thumbnail","hentry"],"yoast_head":"<!-- This site is optimized with the Yoast SEO plugin v27.4 - https:\/\/yoast.com\/product\/yoast-seo-wordpress\/ -->\n<title>Pilates a Lleida | Sparta Sport Center<\/title>\n<meta name=\"description\" content=\"Est\u00e0s buscant un gimn\u00e0s per fer Pilates a la Lleida? Sparta Sport Center som la teva millor opci\u00f3. Apunta&#039;t ja!\" \/>\n<meta name=\"robots\" content=\"index, follow, max-snippet:-1, max-image-preview:large, max-video-preview:-1\" \/>\n<link rel=\"canonical\" href=\"https:\/\/spartasportcenter.com\/lleida\/ca\/pilates-lleida\/\" \/>\n<meta property=\"og:locale\" content=\"ca_ES\" \/>\n<meta property=\"og:type\" content=\"article\" \/>\n<meta property=\"og:title\" content=\"Pilates a Lleida | Sparta Sport Center\" \/>\n<meta property=\"og:description\" content=\"Est\u00e0s buscant un gimn\u00e0s per fer Pilates a la Lleida? Sparta Sport Center som la teva millor opci\u00f3. Apunta&#039;t ja!\" \/>\n<meta property=\"og:url\" content=\"https:\/\/spartasportcenter.com\/lleida\/ca\/pilates-lleida\/\" \/>\n<meta property=\"og:site_name\" content=\"Sparta Sport Center Lleida\" \/>\n<meta property=\"article:modified_time\" content=\"2024-06-03T11:29:14+00:00\" \/>\n<meta property=\"og:image\" content=\"https:\/\/spartasportcenter.com\/lleida\/wp-content\/uploads\/2024\/05\/pilates-lleida.webp\" \/>\n\t<meta property=\"og:image:width\" content=\"2000\" \/>\n\t<meta property=\"og:image:height\" content=\"1333\" \/>\n\t<meta property=\"og:image:type\" content=\"image\/webp\" \/>\n<meta name=\"twitter:card\" content=\"summary_large_image\" \/>\n<meta name=\"twitter:label1\" content=\"Temps estimat de lectura\" \/>\n\t<meta name=\"twitter:data1\" content=\"3 minuts\" \/>\n<script type=\"application\/ld+json\" class=\"yoast-schema-graph\">{\"@context\":\"https:\\\/\\\/schema.org\",\"@graph\":[{\"@type\":\"WebPage\",\"@id\":\"https:\\\/\\\/spartasportcenter.com\\\/lleida\\\/ca\\\/pilates-lleida\\\/\",\"url\":\"https:\\\/\\\/spartasportcenter.com\\\/lleida\\\/ca\\\/pilates-lleida\\\/\",\"name\":\"Pilates a Lleida | Sparta Sport Center\",\"isPartOf\":{\"@id\":\"https:\\\/\\\/spartasportcenter.com\\\/lleida\\\/ca\\\/#website\"},\"primaryImageOfPage\":{\"@id\":\"https:\\\/\\\/spartasportcenter.com\\\/lleida\\\/ca\\\/pilates-lleida\\\/#primaryimage\"},\"image\":{\"@id\":\"https:\\\/\\\/spartasportcenter.com\\\/lleida\\\/ca\\\/pilates-lleida\\\/#primaryimage\"},\"thumbnailUrl\":\"https:\\\/\\\/spartasportcenter.com\\\/lleida\\\/wp-content\\\/uploads\\\/2024\\\/05\\\/pilates-lleida.webp\",\"datePublished\":\"2018-08-08T14:24:44+00:00\",\"dateModified\":\"2024-06-03T11:29:14+00:00\",\"description\":\"Est\u00e0s buscant un gimn\u00e0s per fer Pilates a la Lleida? Sparta Sport Center som la teva millor opci\u00f3. Apunta't ja!\",\"breadcrumb\":{\"@id\":\"https:\\\/\\\/spartasportcenter.com\\\/lleida\\\/ca\\\/pilates-lleida\\\/#breadcrumb\"},\"inLanguage\":\"ca\",\"potentialAction\":[{\"@type\":\"ReadAction\",\"target\":[\"https:\\\/\\\/spartasportcenter.com\\\/lleida\\\/ca\\\/pilates-lleida\\\/\"]}]},{\"@type\":\"ImageObject\",\"inLanguage\":\"ca\",\"@id\":\"https:\\\/\\\/spartasportcenter.com\\\/lleida\\\/ca\\\/pilates-lleida\\\/#primaryimage\",\"url\":\"https:\\\/\\\/spartasportcenter.com\\\/lleida\\\/wp-content\\\/uploads\\\/2024\\\/05\\\/pilates-lleida.webp\",\"contentUrl\":\"https:\\\/\\\/spartasportcenter.com\\\/lleida\\\/wp-content\\\/uploads\\\/2024\\\/05\\\/pilates-lleida.webp\",\"width\":2000,\"height\":1333,\"caption\":\"pilates lleida\"},{\"@type\":\"BreadcrumbList\",\"@id\":\"https:\\\/\\\/spartasportcenter.com\\\/lleida\\\/ca\\\/pilates-lleida\\\/#breadcrumb\",\"itemListElement\":[{\"@type\":\"ListItem\",\"position\":1,\"name\":\"Portada\",\"item\":\"https:\\\/\\\/spartasportcenter.com\\\/lleida\\\/ca\\\/\"},{\"@type\":\"ListItem\",\"position\":2,\"name\":\"Pilates a Lleida\"}]},{\"@type\":\"WebSite\",\"@id\":\"https:\\\/\\\/spartasportcenter.com\\\/lleida\\\/ca\\\/#website\",\"url\":\"https:\\\/\\\/spartasportcenter.com\\\/lleida\\\/ca\\\/\",\"name\":\"Sparta Sport Center Lleida\",\"description\":\"Gimnasios en Cuenca\",\"potentialAction\":[{\"@type\":\"SearchAction\",\"target\":{\"@type\":\"EntryPoint\",\"urlTemplate\":\"https:\\\/\\\/spartasportcenter.com\\\/lleida\\\/ca\\\/?s={search_term_string}\"},\"query-input\":{\"@type\":\"PropertyValueSpecification\",\"valueRequired\":true,\"valueName\":\"search_term_string\"}}],\"inLanguage\":\"ca\"}]}<\/script>\n<!-- \/ Yoast SEO plugin. -->","yoast_head_json":{"title":"Pilates a Lleida | Sparta Sport Center","description":"Est\u00e0s buscant un gimn\u00e0s per fer Pilates a la Lleida? Sparta Sport Center som la teva millor opci\u00f3. Apunta't ja!","robots":{"index":"index","follow":"follow","max-snippet":"max-snippet:-1","max-image-preview":"max-image-preview:large","max-video-preview":"max-video-preview:-1"},"canonical":"https:\/\/spartasportcenter.com\/lleida\/ca\/pilates-lleida\/","og_locale":"ca_ES","og_type":"article","og_title":"Pilates a Lleida | Sparta Sport Center","og_description":"Est\u00e0s buscant un gimn\u00e0s per fer Pilates a la Lleida? Sparta Sport Center som la teva millor opci\u00f3. Apunta't ja!","og_url":"https:\/\/spartasportcenter.com\/lleida\/ca\/pilates-lleida\/","og_site_name":"Sparta Sport Center Lleida","article_modified_time":"2024-06-03T11:29:14+00:00","og_image":[{"width":2000,"height":1333,"url":"https:\/\/spartasportcenter.com\/lleida\/wp-content\/uploads\/2024\/05\/pilates-lleida.webp","type":"image\/webp"}],"twitter_card":"summary_large_image","twitter_misc":{"Temps estimat de lectura":"3 minuts"},"schema":{"@context":"https:\/\/schema.org","@graph":[{"@type":"WebPage","@id":"https:\/\/spartasportcenter.com\/lleida\/ca\/pilates-lleida\/","url":"https:\/\/spartasportcenter.com\/lleida\/ca\/pilates-lleida\/","name":"Pilates a Lleida | Sparta Sport Center","isPartOf":{"@id":"https:\/\/spartasportcenter.com\/lleida\/ca\/#website"},"primaryImageOfPage":{"@id":"https:\/\/spartasportcenter.com\/lleida\/ca\/pilates-lleida\/#primaryimage"},"image":{"@id":"https:\/\/spartasportcenter.com\/lleida\/ca\/pilates-lleida\/#primaryimage"},"thumbnailUrl":"https:\/\/spartasportcenter.com\/lleida\/wp-content\/uploads\/2024\/05\/pilates-lleida.webp","datePublished":"2018-08-08T14:24:44+00:00","dateModified":"2024-06-03T11:29:14+00:00","description":"Est\u00e0s buscant un gimn\u00e0s per fer Pilates a la Lleida? Sparta Sport Center som la teva millor opci\u00f3. Apunta't ja!","breadcrumb":{"@id":"https:\/\/spartasportcenter.com\/lleida\/ca\/pilates-lleida\/#breadcrumb"},"inLanguage":"ca","potentialAction":[{"@type":"ReadAction","target":["https:\/\/spartasportcenter.com\/lleida\/ca\/pilates-lleida\/"]}]},{"@type":"ImageObject","inLanguage":"ca","@id":"https:\/\/spartasportcenter.com\/lleida\/ca\/pilates-lleida\/#primaryimage","url":"https:\/\/spartasportcenter.com\/lleida\/wp-content\/uploads\/2024\/05\/pilates-lleida.webp","contentUrl":"https:\/\/spartasportcenter.com\/lleida\/wp-content\/uploads\/2024\/05\/pilates-lleida.webp","width":2000,"height":1333,"caption":"pilates lleida"},{"@type":"BreadcrumbList","@id":"https:\/\/spartasportcenter.com\/lleida\/ca\/pilates-lleida\/#breadcrumb","itemListElement":[{"@type":"ListItem","position":1,"name":"Portada","item":"https:\/\/spartasportcenter.com\/lleida\/ca\/"},{"@type":"ListItem","position":2,"name":"Pilates a Lleida"}]},{"@type":"WebSite","@id":"https:\/\/spartasportcenter.com\/lleida\/ca\/#website","url":"https:\/\/spartasportcenter.com\/lleida\/ca\/","name":"Sparta Sport Center Lleida","description":"Gimnasios en Cuenca","potentialAction":[{"@type":"SearchAction","target":{"@type":"EntryPoint","urlTemplate":"https:\/\/spartasportcenter.com\/lleida\/ca\/?s={search_term_string}"},"query-input":{"@type":"PropertyValueSpecification","valueRequired":true,"valueName":"search_term_string"}}],"inLanguage":"ca"}]}},"_links":{"self":[{"href":"https:\/\/spartasportcenter.com\/lleida\/ca\/wp-json\/wp\/v2\/pages\/221815","targetHints":{"allow":["GET"]}}],"collection":[{"href":"https:\/\/spartasportcenter.com\/lleida\/ca\/wp-json\/wp\/v2\/pages"}],"about":[{"href":"https:\/\/spartasportcenter.com\/lleida\/ca\/wp-json\/wp\/v2\/types\/page"}],"author":[{"embeddable":true,"href":"https:\/\/spartasportcenter.com\/lleida\/ca\/wp-json\/wp\/v2\/users\/1"}],"replies":[{"embeddable":true,"href":"https:\/\/spartasportcenter.com\/lleida\/ca\/wp-json\/wp\/v2\/comments?post=221815"}],"version-history":[{"count":6,"href":"https:\/\/spartasportcenter.com\/lleida\/ca\/wp-json\/wp\/v2\/pages\/221815\/revisions"}],"predecessor-version":[{"id":222090,"href":"https:\/\/spartasportcenter.com\/lleida\/ca\/wp-json\/wp\/v2\/pages\/221815\/revisions\/222090"}],"wp:featuredmedia":[{"embeddable":true,"href":"https:\/\/spartasportcenter.com\/lleida\/ca\/wp-json\/wp\/v2\/media\/221946"}],"wp:attachment":[{"href":"https:\/\/spartasportcenter.com\/lleida\/ca\/wp-json\/wp\/v2\/media?parent=221815"}],"curies":[{"name":"wp","href":"https:\/\/api.w.org\/{rel}","templated":true}]}}