{"id":221326,"date":"2021-05-26T08:46:55","date_gmt":"2021-05-26T06:46:55","guid":{"rendered":"https:\/\/spartasportcenter.com\/alcoi\/entrenament-funcional-alcoi\/"},"modified":"2024-11-08T12:03:44","modified_gmt":"2024-11-08T11:03:44","slug":"entrenament-funcional-alcoi","status":"publish","type":"page","link":"https:\/\/spartasportcenter.com\/alcoi\/ca\/entrenament-funcional-alcoi\/","title":{"rendered":"Entrenament Funcional a Alcoi"},"content":{"rendered":"<p>[et_pb_section fb_built=&#8221;1&#8243; custom_padding_last_edited=&#8221;on|phone&#8221; disabled_on=&#8221;off|off|off&#8221; _builder_version=&#8221;4.16&#8243; background_color=&#8221;#262626&#8243; background_enable_image=&#8221;off&#8221; custom_margin=&#8221;||||false|false&#8221; custom_padding=&#8221;80px|0px|0px|0px|false|false&#8221; custom_padding_tablet=&#8221;&#8221; custom_padding_phone=&#8221;30px||50px||false|false&#8221; global_colors_info=&#8221;{}&#8221;][et_pb_row column_structure=&#8221;1_3,2_3&#8243; custom_padding_last_edited=&#8221;on|desktop&#8221; _builder_version=&#8221;4.16&#8243; _module_preset=&#8221;default&#8221; custom_padding=&#8221;0px||||false|false&#8221; custom_padding_tablet=&#8221;&#8221; custom_padding_phone=&#8221;0px||||false|false&#8221; global_colors_info=&#8221;{}&#8221;][et_pb_column type=&#8221;1_3&#8243; _builder_version=&#8221;4.16&#8243; _module_preset=&#8221;default&#8221; global_colors_info=&#8221;{}&#8221;][et_pb_text _builder_version=&#8221;4.27.0&#8243; text_font=&#8221;||||||||&#8221; header_font=&#8221;||||||||&#8221; header_text_align=&#8221;center&#8221; header_2_font=&#8221;|300||on|||||&#8221; header_2_text_align=&#8221;right&#8221; header_2_font_size=&#8221;28px&#8221; custom_margin=&#8221;||0px||false|false&#8221; custom_padding=&#8221;|15%|0px||false|false&#8221; header_2_text_align_tablet=&#8221;&#8221; header_2_text_align_phone=&#8221;left&#8221; header_2_text_align_last_edited=&#8221;on|phone&#8221; header_2_font_size_tablet=&#8221;51px&#8221; header_2_font_size_phone=&#8221;25px&#8221; header_2_font_size_last_edited=&#8221;on|phone&#8221; border_width_right=&#8221;2px&#8221; border_color_right=&#8221;#cccccc&#8221; border_width_right_tablet=&#8221;&#8221; border_width_right_phone=&#8221;0px&#8221; border_width_right_last_edited=&#8221;on|phone&#8221; locked=&#8221;off&#8221; global_colors_info=&#8221;{}&#8221;]<\/p>\n<h2>Classes d&#8217;entrenament funcional a Alcoi<\/h2>\n<p>[\/et_pb_text][\/et_pb_column][et_pb_column type=&#8221;2_3&#8243; _builder_version=&#8221;4.16&#8243; _module_preset=&#8221;default&#8221; global_colors_info=&#8221;{}&#8221;][et_pb_text _builder_version=&#8221;4.27.0&#8243; text_font=&#8221;|300|||||||&#8221; text_text_color=&#8221;#cccccc&#8221; text_line_height=&#8221;1.1em&#8221; header_font=&#8221;|300|||||||&#8221; header_2_font=&#8221;|300||on|||||&#8221; header_2_text_color=&#8221;#cccccc&#8221; header_2_font_size=&#8221;36px&#8221; header_2_letter_spacing=&#8221;2px&#8221; background_layout=&#8221;dark&#8221; global_colors_info=&#8221;{}&#8221;]<\/p>\n<p>L&#8217;entrenament funcional a Alcoi s&#8217;ha convertit en una <strong>tend\u00e8ncia cada vegada m\u00e9s popular en el m\u00f3n fitness. <\/strong>En Sparta Sport Center Alcoi podr\u00e0s trobar les nostres classes d&#8217;entrenament funcional, dissenyades per a ajudar-te a aconseguir els teus objectius de manera eficient i divertida.<\/p>\n<p>Les nostres classes d&#8217;entrenament funcional a Alcoi se centren en exercicis que imiten moviments quotidians i es realitzen en un entorn de grup motivador. A difer\u00e8ncia dels exercicis tradicionals de musculaci\u00f3, l&#8217;entrenament funcional s&#8217;enfoca a millorar la funcionalitat del teu cos en activitats di\u00e0ries com al\u00e7ar c\u00e0rregues, <span>acatxar-se<\/span>, c\u00f3rrer o saltar.<\/p>\n<p>[\/et_pb_text][et_pb_button button_text=&#8221;+&#8221; button_alignment=&#8221;center&#8221; module_class=&#8221;rv_button closed&#8221; _builder_version=&#8221;4.16&#8243; custom_button=&#8221;on&#8221; button_text_size=&#8221;39px&#8221; button_text_color=&#8221;#cccccc&#8221; button_border_width=&#8221;0px&#8221; button_border_radius=&#8221;0px&#8221; button_font=&#8221;Oswald|700|||||||&#8221; button_use_icon=&#8221;off&#8221; custom_margin=&#8221;-40px|0px|-10px|0px|false|false&#8221; custom_margin_tablet=&#8221;&#8221; custom_margin_phone=&#8221;&#8221; custom_margin_last_edited=&#8221;on|phone&#8221; custom_padding=&#8221;0px|0px|0px|0px|true|&#8221; button_text_color_hover=&#8221;rgba(224,43,32,0.76)&#8221; button_border_color_hover=&#8221;rgba(0,0,0,0)&#8221; button_border_radius_hover=&#8221;0px&#8221; button_bg_color_hover=&#8221;rgba(0,0,0,0)&#8221; locked=&#8221;off&#8221; global_colors_info=&#8221;{}&#8221; button_text_size__hover_enabled=&#8221;off&#8221; button_one_text_size__hover_enabled=&#8221;off&#8221; button_two_text_size__hover_enabled=&#8221;off&#8221; button_text_color__hover_enabled=&#8221;on|desktop&#8221; button_text_color__hover=&#8221;rgba(255,255,255,0.5)&#8221; button_one_text_color__hover_enabled=&#8221;off&#8221; button_two_text_color__hover_enabled=&#8221;off&#8221; button_border_width__hover_enabled=&#8221;off&#8221; button_one_border_width__hover_enabled=&#8221;off&#8221; button_two_border_width__hover_enabled=&#8221;off&#8221; button_border_color__hover_enabled=&#8221;on&#8221; button_border_color__hover=&#8221;rgba(0,0,0,0)&#8221; button_one_border_color__hover_enabled=&#8221;off&#8221; button_two_border_color__hover_enabled=&#8221;off&#8221; button_border_radius__hover_enabled=&#8221;on&#8221; button_border_radius__hover=&#8221;0px&#8221; button_one_border_radius__hover_enabled=&#8221;off&#8221; button_two_border_radius__hover_enabled=&#8221;off&#8221; button_letter_spacing__hover_enabled=&#8221;off&#8221; button_one_letter_spacing__hover_enabled=&#8221;off&#8221; button_two_letter_spacing__hover_enabled=&#8221;off&#8221; button_bg_color__hover_enabled=&#8221;on&#8221; button_bg_color__hover=&#8221;rgba(255,255,255,0)&#8221; button_one_bg_color__hover_enabled=&#8221;off&#8221; button_two_bg_color__hover_enabled=&#8221;off&#8221;][\/et_pb_button][et_pb_text admin_label=&#8221;Texto&#8221; module_id=&#8221;reveal&#8221; _builder_version=&#8221;4.27.0&#8243; text_font=&#8221;|300|||||||&#8221; text_text_color=&#8221;#cccccc&#8221; text_line_height=&#8221;1.1em&#8221; header_font=&#8221;|300|||||||&#8221; header_2_font=&#8221;|300||on|||||&#8221; header_2_text_color=&#8221;#cccccc&#8221; header_2_font_size=&#8221;36px&#8221; header_2_letter_spacing=&#8221;2px&#8221; background_layout=&#8221;dark&#8221; global_colors_info=&#8221;{}&#8221;]<\/p>\n<p>En les nostres classes d&#8217;entrenament funcional experimentar\u00e0s una <strong>varietat d&#8217;exercicis que desafien les teues habilitats d&#8217;estabilitat, resist\u00e8ncia, for\u00e7a i flexibilitat. <\/strong>Estos exercicis poden incloure l&#8217;\u00fas de pesos, bandes de resist\u00e8ncia, kettlebells, TRX i altres accessoris.<\/p>\n<p>L&#8217;entrenament funcional no sols t&#8217;ajuda a millorar la teua condici\u00f3 f\u00edsica, sin\u00f3 que tamb\u00e9 pot previndre lesions en enfortir els m\u00fasculs que utilitzes en les teues activitats di\u00e0ries. En realitzar exercicis que involucren m\u00faltiples grups musculars al mateix temps, estar\u00e0s treballant de manera m\u00e9s eficient i equilibrada, la qual cosa es tradu\u00efx en un millor rendiment en les teues tasques quotidianes.<\/p>\n<p>[\/et_pb_text][\/et_pb_column][\/et_pb_row][et_pb_row column_structure=&#8221;1_3,2_3&#8243; custom_padding_last_edited=&#8221;on|phone&#8221; _builder_version=&#8221;4.16&#8243; _module_preset=&#8221;default&#8221; custom_margin=&#8221;||0px||false|false&#8221; custom_padding=&#8221;||||false|false&#8221; custom_padding_tablet=&#8221;&#8221; custom_padding_phone=&#8221;0px||0px||false|false&#8221; global_colors_info=&#8221;{}&#8221;][et_pb_column type=&#8221;1_3&#8243; _builder_version=&#8221;4.16&#8243; _module_preset=&#8221;default&#8221; global_colors_info=&#8221;{}&#8221;][et_pb_text _builder_version=&#8221;4.27.0&#8243; text_font=&#8221;||||||||&#8221; header_font=&#8221;||||||||&#8221; header_text_align=&#8221;center&#8221; header_2_font=&#8221;|300||on|||||&#8221; header_2_text_align=&#8221;right&#8221; header_2_font_size=&#8221;28px&#8221; custom_margin=&#8221;||0px||false|false&#8221; custom_padding=&#8221;|15%|0px||false|false&#8221; header_2_text_align_tablet=&#8221;&#8221; header_2_text_align_phone=&#8221;left&#8221; header_2_text_align_last_edited=&#8221;on|phone&#8221; header_2_font_size_tablet=&#8221;51px&#8221; header_2_font_size_phone=&#8221;25px&#8221; header_2_font_size_last_edited=&#8221;on|phone&#8221; border_width_right=&#8221;2px&#8221; border_color_right=&#8221;#cccccc&#8221; border_width_right_tablet=&#8221;&#8221; border_width_right_phone=&#8221;0px&#8221; border_width_right_last_edited=&#8221;on|phone&#8221; locked=&#8221;off&#8221; global_colors_info=&#8221;{}&#8221;]<\/p>\n<h2>Beneficis de l&#8217;Entrenament funcional a Alcoi<\/h2>\n<p>[\/et_pb_text][\/et_pb_column][et_pb_column type=&#8221;2_3&#8243; _builder_version=&#8221;4.16&#8243; _module_preset=&#8221;default&#8221; global_colors_info=&#8221;{}&#8221;][et_pb_text _builder_version=&#8221;4.27.0&#8243; text_font=&#8221;|300|||||||&#8221; text_text_color=&#8221;#cccccc&#8221; text_line_height=&#8221;1.1em&#8221; header_font=&#8221;|300|||||||&#8221; header_2_font=&#8221;|300||on|||||&#8221; header_2_text_color=&#8221;#cccccc&#8221; header_2_font_size=&#8221;36px&#8221; header_2_letter_spacing=&#8221;2px&#8221; background_layout=&#8221;dark&#8221; global_colors_info=&#8221;{}&#8221;]<\/p>\n<p>L&#8217;entrenament funcional a Alcoi oferix una s\u00e8rie de beneficis que el convertixen en una opci\u00f3 atractiva per a persones de diferents nivells de condici\u00f3 f\u00edsica. Un dels principals beneficis \u00e9s <strong>la<\/strong> <strong>millora de la funcionalitat en les teues activitats di\u00e0ries. <\/strong>En enfortir els m\u00fasculs que uses en la teua vida quotidiana, com els m\u00fasculs centrals i els de les cames, podr\u00e0s fer les tasques di\u00e0ries amb major facilitat i efic\u00e0cia.<\/p>\n<p>Un altre benefici de l&#8217;entrenament funcional \u00e9s que <strong>treballa diversos grups musculars alhora, <\/strong>en lloc de centrar-se en un sol grup muscular. Aix\u00f2 t&#8217;ajuda a desenrotllar un cos m\u00e9s equilibrat i funcional en comparaci\u00f3 amb l&#8217;entrenament tradicional de musculaci\u00f3.<\/p>\n<p>[\/et_pb_text][et_pb_button button_text=&#8221;+&#8221; button_alignment=&#8221;center&#8221; module_class=&#8221;rv_button2 closed&#8221; _builder_version=&#8221;4.27.0&#8243; custom_button=&#8221;on&#8221; button_text_size=&#8221;39px&#8221; button_text_color=&#8221;#cccccc&#8221; button_border_width=&#8221;0px&#8221; button_border_radius=&#8221;0px&#8221; button_font=&#8221;Oswald|700|||||||&#8221; button_use_icon=&#8221;off&#8221; custom_margin=&#8221;-40px|0px|-10px|0px|false|false&#8221; custom_margin_tablet=&#8221;&#8221; custom_margin_phone=&#8221;&#8221; custom_margin_last_edited=&#8221;on|phone&#8221; custom_padding=&#8221;0px|0px|0px|0px|true|&#8221; button_text_color_hover=&#8221;rgba(224,43,32,0.76)&#8221; button_border_color_hover=&#8221;rgba(0,0,0,0)&#8221; button_border_radius_hover=&#8221;0px&#8221; button_bg_color_hover=&#8221;rgba(0,0,0,0)&#8221; locked=&#8221;off&#8221; global_colors_info=&#8221;{}&#8221; button_text_size__hover_enabled=&#8221;off&#8221; button_one_text_size__hover_enabled=&#8221;off&#8221; button_two_text_size__hover_enabled=&#8221;off&#8221; button_text_color__hover_enabled=&#8221;on|desktop&#8221; button_text_color__hover=&#8221;rgba(255,255,255,0.5)&#8221; button_one_text_color__hover_enabled=&#8221;off&#8221; button_two_text_color__hover_enabled=&#8221;off&#8221; button_border_width__hover_enabled=&#8221;off&#8221; button_one_border_width__hover_enabled=&#8221;off&#8221; button_two_border_width__hover_enabled=&#8221;off&#8221; button_border_color__hover_enabled=&#8221;on&#8221; button_border_color__hover=&#8221;rgba(0,0,0,0)&#8221; button_one_border_color__hover_enabled=&#8221;off&#8221; button_two_border_color__hover_enabled=&#8221;off&#8221; button_border_radius__hover_enabled=&#8221;on&#8221; button_border_radius__hover=&#8221;0px&#8221; button_one_border_radius__hover_enabled=&#8221;off&#8221; button_two_border_radius__hover_enabled=&#8221;off&#8221; button_letter_spacing__hover_enabled=&#8221;off&#8221; button_one_letter_spacing__hover_enabled=&#8221;off&#8221; button_two_letter_spacing__hover_enabled=&#8221;off&#8221; button_bg_color__hover_enabled=&#8221;on&#8221; button_bg_color__hover=&#8221;rgba(255,255,255,0)&#8221; button_one_bg_color__hover_enabled=&#8221;off&#8221; button_two_bg_color__hover_enabled=&#8221;off&#8221;][\/et_pb_button][et_pb_text module_id=&#8221;reveal2&#8243; _builder_version=&#8221;4.27.0&#8243; text_font=&#8221;|300|||||||&#8221; text_text_color=&#8221;#cccccc&#8221; text_line_height=&#8221;1.1em&#8221; header_font=&#8221;|300|||||||&#8221; header_2_font=&#8221;|300||on|||||&#8221; header_2_text_color=&#8221;#cccccc&#8221; header_2_font_size=&#8221;36px&#8221; header_2_letter_spacing=&#8221;2px&#8221; background_layout=&#8221;dark&#8221; global_colors_info=&#8221;{}&#8221;]<\/p>\n<p>A m\u00e9s, l&#8217;entrenament funcional tamb\u00e9 pot <strong>millorar la teua resist\u00e8ncia cardiovascular i la teua capacitat per a realitzar activitats f\u00edsiques de llarga duraci\u00f3. <\/strong>En realitzar exercicis funcionals que imiten moviments repetitius, el teu cor i els teus pulmons s&#8217;enfortixen, la qual cosa et permet tindre m\u00e9s resist\u00e8ncia durant l&#8217;exercici i en altres activitats de la vida di\u00e0ria.<\/p>\n<p>[\/et_pb_text][\/et_pb_column][\/et_pb_row][\/et_pb_section][et_pb_section fb_built=&#8221;1&#8243; custom_padding_last_edited=&#8221;on|phone&#8221; _builder_version=&#8221;4.16&#8243; _module_preset=&#8221;default&#8221; background_color=&#8221;#262626&#8243; custom_padding=&#8221;0px||50px||false|false&#8221; custom_padding_tablet=&#8221;&#8221; custom_padding_phone=&#8221;||30px||false|false&#8221; global_colors_info=&#8221;{}&#8221;][et_pb_row column_structure=&#8221;1_3,2_3&#8243; custom_padding_last_edited=&#8221;on|phone&#8221; _builder_version=&#8221;4.16&#8243; _module_preset=&#8221;default&#8221; custom_padding_tablet=&#8221;&#8221; custom_padding_phone=&#8221;0px||0px||false|false&#8221; global_colors_info=&#8221;{}&#8221;][et_pb_column type=&#8221;1_3&#8243; _builder_version=&#8221;4.16&#8243; _module_preset=&#8221;default&#8221; global_colors_info=&#8221;{}&#8221;][et_pb_text _builder_version=&#8221;4.27.0&#8243; text_font=&#8221;||||||||&#8221; header_font=&#8221;||||||||&#8221; header_text_align=&#8221;center&#8221; header_2_font=&#8221;|300||on|||||&#8221; header_2_text_align=&#8221;right&#8221; header_2_font_size=&#8221;28px&#8221; custom_margin=&#8221;||0px||false|false&#8221; custom_padding=&#8221;|15%|0px||false|false&#8221; hover_enabled=&#8221;0&#8243; header_2_text_align_tablet=&#8221;&#8221; header_2_text_align_phone=&#8221;left&#8221; header_2_text_align_last_edited=&#8221;on|phone&#8221; header_2_font_size_tablet=&#8221;51px&#8221; header_2_font_size_phone=&#8221;25px&#8221; header_2_font_size_last_edited=&#8221;on|phone&#8221; border_width_right=&#8221;2px&#8221; border_color_right=&#8221;#cccccc&#8221; border_width_right_tablet=&#8221;&#8221; border_width_right_phone=&#8221;0px&#8221; border_width_right_last_edited=&#8221;on|phone&#8221; locked=&#8221;off&#8221; global_colors_info=&#8221;{}&#8221; sticky_enabled=&#8221;0&#8243;]<\/p>\n<h2>Per que Entrenament funcional en Sparta Sport Center Alcoi<\/h2>\n<p>[\/et_pb_text][\/et_pb_column][et_pb_column type=&#8221;2_3&#8243; _builder_version=&#8221;4.16&#8243; _module_preset=&#8221;default&#8221; global_colors_info=&#8221;{}&#8221;][et_pb_text _builder_version=&#8221;4.27.0&#8243; text_font=&#8221;|300|||||||&#8221; text_text_color=&#8221;#cccccc&#8221; text_line_height=&#8221;1.1em&#8221; header_font=&#8221;|300|||||||&#8221; header_2_font=&#8221;|300||on|||||&#8221; header_2_text_color=&#8221;#cccccc&#8221; header_2_font_size=&#8221;36px&#8221; header_2_letter_spacing=&#8221;2px&#8221; background_layout=&#8221;dark&#8221; global_colors_info=&#8221;{}&#8221;]<\/p>\n<p>En Sparta Sport Center Alcoi som conscients de la import\u00e0ncia d&#8217;oferir programes d&#8217;entrenament de qualitat que s&#8217;adapten a les necessitats individuals dels nostres clients. Les nostres classes d&#8217;entrenament funcional a Alcoi estan dissenyades i dirigides per experts capacitats que et guiaran i motivaran en cada sessi\u00f3.<\/p>\n<p><strong>Les nostres instal\u00b7lacions estan equipades amb l&#8217;equip necessari per a dur a terme els exercicis d&#8217;entrenament funcional de la manera m\u00e9s efectiva. <\/strong>A m\u00e9s, oferim un ambient amigable i motivador on podr\u00e0s con\u00e9ixer a altres persones amb interessos similars i establir noves amistats i connexions.<\/p>\n<p>[\/et_pb_text][et_pb_button button_text=&#8221;+&#8221; button_alignment=&#8221;center&#8221; module_class=&#8221;rv_button3 closed&#8221; _builder_version=&#8221;4.16&#8243; custom_button=&#8221;on&#8221; button_text_size=&#8221;39px&#8221; button_text_color=&#8221;#cccccc&#8221; button_border_width=&#8221;0px&#8221; button_border_radius=&#8221;0px&#8221; button_font=&#8221;Oswald|700|||||||&#8221; button_use_icon=&#8221;off&#8221; custom_margin=&#8221;-40px|0px|-10px|0px|false|false&#8221; custom_margin_tablet=&#8221;&#8221; custom_margin_phone=&#8221;&#8221; custom_margin_last_edited=&#8221;on|phone&#8221; custom_padding=&#8221;0px|0px|0px|0px|true|&#8221; button_text_color_hover=&#8221;rgba(224,43,32,0.76)&#8221; button_border_color_hover=&#8221;rgba(0,0,0,0)&#8221; button_border_radius_hover=&#8221;0px&#8221; button_bg_color_hover=&#8221;rgba(0,0,0,0)&#8221; locked=&#8221;off&#8221; global_colors_info=&#8221;{}&#8221; button_text_size__hover_enabled=&#8221;off&#8221; button_one_text_size__hover_enabled=&#8221;off&#8221; button_two_text_size__hover_enabled=&#8221;off&#8221; button_text_color__hover_enabled=&#8221;on|desktop&#8221; button_text_color__hover=&#8221;rgba(255,255,255,0.5)&#8221; button_one_text_color__hover_enabled=&#8221;off&#8221; button_two_text_color__hover_enabled=&#8221;off&#8221; button_border_width__hover_enabled=&#8221;off&#8221; button_one_border_width__hover_enabled=&#8221;off&#8221; button_two_border_width__hover_enabled=&#8221;off&#8221; button_border_color__hover_enabled=&#8221;on&#8221; button_border_color__hover=&#8221;rgba(0,0,0,0)&#8221; button_one_border_color__hover_enabled=&#8221;off&#8221; button_two_border_color__hover_enabled=&#8221;off&#8221; button_border_radius__hover_enabled=&#8221;on&#8221; button_border_radius__hover=&#8221;0px&#8221; button_one_border_radius__hover_enabled=&#8221;off&#8221; button_two_border_radius__hover_enabled=&#8221;off&#8221; button_letter_spacing__hover_enabled=&#8221;off&#8221; button_one_letter_spacing__hover_enabled=&#8221;off&#8221; button_two_letter_spacing__hover_enabled=&#8221;off&#8221; button_bg_color__hover_enabled=&#8221;on&#8221; button_bg_color__hover=&#8221;rgba(255,255,255,0)&#8221; button_one_bg_color__hover_enabled=&#8221;off&#8221; button_two_bg_color__hover_enabled=&#8221;off&#8221;][\/et_pb_button][et_pb_text module_id=&#8221;reveal3&#8243; _builder_version=&#8221;4.27.0&#8243; text_font=&#8221;|300|||||||&#8221; text_text_color=&#8221;#cccccc&#8221; text_line_height=&#8221;1.1em&#8221; header_font=&#8221;|300|||||||&#8221; header_2_font=&#8221;|300||on|||||&#8221; header_2_text_color=&#8221;#cccccc&#8221; header_2_font_size=&#8221;36px&#8221; header_2_letter_spacing=&#8221;2px&#8221; background_layout=&#8221;dark&#8221; global_colors_info=&#8221;{}&#8221;]<\/p>\n<p>No importa quin siga el teu nivell de condici\u00f3 f\u00edsica, les nostres classes d&#8217;entrenament funcional estan dissenyades per a adaptar-se a tu. Els nostres entrenadors estan capacitats per a proporcionar modificacions i progressions als exercicis segons siga necessari, assegurant que obtingues els m\u00e0xims beneficis sense posar-te en risc de lesions.<\/p>\n<p>[\/et_pb_text][\/et_pb_column][\/et_pb_row][\/et_pb_section]<\/p>\n","protected":false},"excerpt":{"rendered":"<p>Classes d&#8217;entrenament funcional a AlcoiL&#8217;entrenament funcional a Alcoi s&#8217;ha convertit en una tend\u00e8ncia cada vegada m\u00e9s popular en el m\u00f3n fitness. En Sparta Sport Center Alcoi podr\u00e0s trobar les nostres classes d&#8217;entrenament funcional, dissenyades per a ajudar-te a aconseguir els teus objectius de manera eficient i divertida. Les nostres classes d&#8217;entrenament funcional a Alcoi se [&hellip;]<\/p>\n","protected":false},"author":1,"featured_media":221252,"parent":0,"menu_order":0,"comment_status":"closed","ping_status":"closed","template":"","meta":{"_et_pb_use_builder":"on","_et_pb_old_content":"","_et_gb_content_width":"","footnotes":""},"class_list":["post-221326","page","type-page","status-publish","has-post-thumbnail","hentry"],"yoast_head":"<!-- This site is optimized with the Yoast SEO plugin v27.4 - https:\/\/yoast.com\/product\/yoast-seo-wordpress\/ -->\n<title>Entrenament Funcional a Alcoi | Sparta Sport Center<\/title>\n<meta name=\"description\" content=\"Inscriu-te i gaudix de les nostres classes d&#039;entrenament funcional a Alcoi, comptem amb un equip d&#039;Instructors 100% dedicats al teu benestar.\" \/>\n<meta name=\"robots\" content=\"index, follow, max-snippet:-1, max-image-preview:large, max-video-preview:-1\" \/>\n<link rel=\"canonical\" href=\"https:\/\/spartasportcenter.com\/alcoi\/ca\/entrenament-funcional-alcoi\/\" \/>\n<meta property=\"og:locale\" content=\"en_US\" \/>\n<meta property=\"og:type\" content=\"article\" \/>\n<meta property=\"og:title\" content=\"Entrenament Funcional a Alcoi | Sparta Sport Center\" \/>\n<meta property=\"og:description\" content=\"Inscriu-te i gaudix de les nostres classes d&#039;entrenament funcional a Alcoi, comptem amb un equip d&#039;Instructors 100% dedicats al teu benestar.\" \/>\n<meta property=\"og:url\" content=\"https:\/\/spartasportcenter.com\/alcoi\/ca\/entrenament-funcional-alcoi\/\" \/>\n<meta property=\"og:site_name\" content=\"Sparta Sport Center Alcoi\" \/>\n<meta property=\"article:modified_time\" content=\"2024-11-08T11:03:44+00:00\" \/>\n<meta property=\"og:image\" content=\"https:\/\/spartasportcenter.com\/alcoi\/wp-content\/uploads\/2024\/07\/entrenamiento-funcional-alcoi.webp\" \/>\n\t<meta property=\"og:image:width\" content=\"2000\" \/>\n\t<meta property=\"og:image:height\" content=\"1333\" \/>\n\t<meta property=\"og:image:type\" content=\"image\/webp\" \/>\n<meta name=\"twitter:card\" content=\"summary_large_image\" \/>\n<meta name=\"twitter:label1\" content=\"Est. reading time\" \/>\n\t<meta name=\"twitter:data1\" content=\"3 minutes\" \/>\n<script type=\"application\/ld+json\" class=\"yoast-schema-graph\">{\"@context\":\"https:\\\/\\\/schema.org\",\"@graph\":[{\"@type\":\"WebPage\",\"@id\":\"https:\\\/\\\/spartasportcenter.com\\\/alcoi\\\/ca\\\/entrenament-funcional-alcoi\\\/\",\"url\":\"https:\\\/\\\/spartasportcenter.com\\\/alcoi\\\/ca\\\/entrenament-funcional-alcoi\\\/\",\"name\":\"Entrenament Funcional a Alcoi | Sparta Sport Center\",\"isPartOf\":{\"@id\":\"https:\\\/\\\/spartasportcenter.com\\\/alcoi\\\/ca\\\/#website\"},\"primaryImageOfPage\":{\"@id\":\"https:\\\/\\\/spartasportcenter.com\\\/alcoi\\\/ca\\\/entrenament-funcional-alcoi\\\/#primaryimage\"},\"image\":{\"@id\":\"https:\\\/\\\/spartasportcenter.com\\\/alcoi\\\/ca\\\/entrenament-funcional-alcoi\\\/#primaryimage\"},\"thumbnailUrl\":\"https:\\\/\\\/spartasportcenter.com\\\/alcoi\\\/wp-content\\\/uploads\\\/2024\\\/07\\\/entrenamiento-funcional-alcoi.webp\",\"datePublished\":\"2021-05-26T06:46:55+00:00\",\"dateModified\":\"2024-11-08T11:03:44+00:00\",\"description\":\"Inscriu-te i gaudix de les nostres classes d'entrenament funcional a Alcoi, comptem amb un equip d'Instructors 100% dedicats al teu benestar.\",\"breadcrumb\":{\"@id\":\"https:\\\/\\\/spartasportcenter.com\\\/alcoi\\\/ca\\\/entrenament-funcional-alcoi\\\/#breadcrumb\"},\"inLanguage\":\"va\",\"potentialAction\":[{\"@type\":\"ReadAction\",\"target\":[\"https:\\\/\\\/spartasportcenter.com\\\/alcoi\\\/ca\\\/entrenament-funcional-alcoi\\\/\"]}]},{\"@type\":\"ImageObject\",\"inLanguage\":\"va\",\"@id\":\"https:\\\/\\\/spartasportcenter.com\\\/alcoi\\\/ca\\\/entrenament-funcional-alcoi\\\/#primaryimage\",\"url\":\"https:\\\/\\\/spartasportcenter.com\\\/alcoi\\\/wp-content\\\/uploads\\\/2024\\\/07\\\/entrenamiento-funcional-alcoi.webp\",\"contentUrl\":\"https:\\\/\\\/spartasportcenter.com\\\/alcoi\\\/wp-content\\\/uploads\\\/2024\\\/07\\\/entrenamiento-funcional-alcoi.webp\",\"width\":2000,\"height\":1333},{\"@type\":\"BreadcrumbList\",\"@id\":\"https:\\\/\\\/spartasportcenter.com\\\/alcoi\\\/ca\\\/entrenament-funcional-alcoi\\\/#breadcrumb\",\"itemListElement\":[{\"@type\":\"ListItem\",\"position\":1,\"name\":\"Portada\",\"item\":\"https:\\\/\\\/spartasportcenter.com\\\/alcoi\\\/ca\\\/\"},{\"@type\":\"ListItem\",\"position\":2,\"name\":\"Entrenament Funcional a Alcoi\"}]},{\"@type\":\"WebSite\",\"@id\":\"https:\\\/\\\/spartasportcenter.com\\\/alcoi\\\/ca\\\/#website\",\"url\":\"https:\\\/\\\/spartasportcenter.com\\\/alcoi\\\/ca\\\/\",\"name\":\"Sparta Sport Center Alcoi\",\"description\":\"Gimnasios en Cuenca\",\"potentialAction\":[{\"@type\":\"SearchAction\",\"target\":{\"@type\":\"EntryPoint\",\"urlTemplate\":\"https:\\\/\\\/spartasportcenter.com\\\/alcoi\\\/ca\\\/?s={search_term_string}\"},\"query-input\":{\"@type\":\"PropertyValueSpecification\",\"valueRequired\":true,\"valueName\":\"search_term_string\"}}],\"inLanguage\":\"va\"}]}<\/script>\n<!-- \/ Yoast SEO plugin. -->","yoast_head_json":{"title":"Entrenament Funcional a Alcoi | Sparta Sport Center","description":"Inscriu-te i gaudix de les nostres classes d'entrenament funcional a Alcoi, comptem amb un equip d'Instructors 100% dedicats al teu benestar.","robots":{"index":"index","follow":"follow","max-snippet":"max-snippet:-1","max-image-preview":"max-image-preview:large","max-video-preview":"max-video-preview:-1"},"canonical":"https:\/\/spartasportcenter.com\/alcoi\/ca\/entrenament-funcional-alcoi\/","og_locale":"en_US","og_type":"article","og_title":"Entrenament Funcional a Alcoi | Sparta Sport Center","og_description":"Inscriu-te i gaudix de les nostres classes d'entrenament funcional a Alcoi, comptem amb un equip d'Instructors 100% dedicats al teu benestar.","og_url":"https:\/\/spartasportcenter.com\/alcoi\/ca\/entrenament-funcional-alcoi\/","og_site_name":"Sparta Sport Center Alcoi","article_modified_time":"2024-11-08T11:03:44+00:00","og_image":[{"width":2000,"height":1333,"url":"https:\/\/spartasportcenter.com\/alcoi\/wp-content\/uploads\/2024\/07\/entrenamiento-funcional-alcoi.webp","type":"image\/webp"}],"twitter_card":"summary_large_image","twitter_misc":{"Est. reading time":"3 minutes"},"schema":{"@context":"https:\/\/schema.org","@graph":[{"@type":"WebPage","@id":"https:\/\/spartasportcenter.com\/alcoi\/ca\/entrenament-funcional-alcoi\/","url":"https:\/\/spartasportcenter.com\/alcoi\/ca\/entrenament-funcional-alcoi\/","name":"Entrenament Funcional a Alcoi | Sparta Sport Center","isPartOf":{"@id":"https:\/\/spartasportcenter.com\/alcoi\/ca\/#website"},"primaryImageOfPage":{"@id":"https:\/\/spartasportcenter.com\/alcoi\/ca\/entrenament-funcional-alcoi\/#primaryimage"},"image":{"@id":"https:\/\/spartasportcenter.com\/alcoi\/ca\/entrenament-funcional-alcoi\/#primaryimage"},"thumbnailUrl":"https:\/\/spartasportcenter.com\/alcoi\/wp-content\/uploads\/2024\/07\/entrenamiento-funcional-alcoi.webp","datePublished":"2021-05-26T06:46:55+00:00","dateModified":"2024-11-08T11:03:44+00:00","description":"Inscriu-te i gaudix de les nostres classes d'entrenament funcional a Alcoi, comptem amb un equip d'Instructors 100% dedicats al teu benestar.","breadcrumb":{"@id":"https:\/\/spartasportcenter.com\/alcoi\/ca\/entrenament-funcional-alcoi\/#breadcrumb"},"inLanguage":"va","potentialAction":[{"@type":"ReadAction","target":["https:\/\/spartasportcenter.com\/alcoi\/ca\/entrenament-funcional-alcoi\/"]}]},{"@type":"ImageObject","inLanguage":"va","@id":"https:\/\/spartasportcenter.com\/alcoi\/ca\/entrenament-funcional-alcoi\/#primaryimage","url":"https:\/\/spartasportcenter.com\/alcoi\/wp-content\/uploads\/2024\/07\/entrenamiento-funcional-alcoi.webp","contentUrl":"https:\/\/spartasportcenter.com\/alcoi\/wp-content\/uploads\/2024\/07\/entrenamiento-funcional-alcoi.webp","width":2000,"height":1333},{"@type":"BreadcrumbList","@id":"https:\/\/spartasportcenter.com\/alcoi\/ca\/entrenament-funcional-alcoi\/#breadcrumb","itemListElement":[{"@type":"ListItem","position":1,"name":"Portada","item":"https:\/\/spartasportcenter.com\/alcoi\/ca\/"},{"@type":"ListItem","position":2,"name":"Entrenament Funcional a Alcoi"}]},{"@type":"WebSite","@id":"https:\/\/spartasportcenter.com\/alcoi\/ca\/#website","url":"https:\/\/spartasportcenter.com\/alcoi\/ca\/","name":"Sparta Sport Center Alcoi","description":"Gimnasios en Cuenca","potentialAction":[{"@type":"SearchAction","target":{"@type":"EntryPoint","urlTemplate":"https:\/\/spartasportcenter.com\/alcoi\/ca\/?s={search_term_string}"},"query-input":{"@type":"PropertyValueSpecification","valueRequired":true,"valueName":"search_term_string"}}],"inLanguage":"va"}]}},"_links":{"self":[{"href":"https:\/\/spartasportcenter.com\/alcoi\/ca\/wp-json\/wp\/v2\/pages\/221326","targetHints":{"allow":["GET"]}}],"collection":[{"href":"https:\/\/spartasportcenter.com\/alcoi\/ca\/wp-json\/wp\/v2\/pages"}],"about":[{"href":"https:\/\/spartasportcenter.com\/alcoi\/ca\/wp-json\/wp\/v2\/types\/page"}],"author":[{"embeddable":true,"href":"https:\/\/spartasportcenter.com\/alcoi\/ca\/wp-json\/wp\/v2\/users\/1"}],"replies":[{"embeddable":true,"href":"https:\/\/spartasportcenter.com\/alcoi\/ca\/wp-json\/wp\/v2\/comments?post=221326"}],"version-history":[{"count":11,"href":"https:\/\/spartasportcenter.com\/alcoi\/ca\/wp-json\/wp\/v2\/pages\/221326\/revisions"}],"predecessor-version":[{"id":222025,"href":"https:\/\/spartasportcenter.com\/alcoi\/ca\/wp-json\/wp\/v2\/pages\/221326\/revisions\/222025"}],"wp:featuredmedia":[{"embeddable":true,"href":"https:\/\/spartasportcenter.com\/alcoi\/ca\/wp-json\/wp\/v2\/media\/221252"}],"wp:attachment":[{"href":"https:\/\/spartasportcenter.com\/alcoi\/ca\/wp-json\/wp\/v2\/media?parent=221326"}],"curies":[{"name":"wp","href":"https:\/\/api.w.org\/{rel}","templated":true}]}}